{"id":232,"date":"2025-05-22T19:28:13","date_gmt":"2025-05-22T19:28:13","guid":{"rendered":"https:\/\/hcimf.cz\/?page_id=232"},"modified":"2025-10-10T09:59:05","modified_gmt":"2025-10-10T09:59:05","slug":"program","status":"publish","type":"page","link":"https:\/\/hcimf.cz\/index.php\/program\/","title":{"rendered":"Program II. ro\u010dn\u00edk 2025"},"content":{"rendered":"\n<h1 class=\"wp-block-heading\"><strong><a href=\"https:\/\/hcimf.cz\/index.php\/prof-roman-perucki\/\" data-type=\"page\" data-id=\"331\">Roman Perucki<\/a> <\/strong>\u2013 Polsko (varhany)<\/h1>\n\n\n\n<p>Kostel Krista dobr\u00e9ho Past\u00fd\u0159e, Husova 1, Plze\u0148<\/p>\n\n\n\n<h5 class=\"wp-block-heading has-black-color has-text-color has-link-color wp-elements-d947af8e7cd83ca3c0b2f41d9ae65201\">15. \u010dervna 2025 od 16:00 : JI\u017e prob\u011bhl<\/h5>\n\n\n\n<p><\/p>\n\n\n\n<h1 class=\"wp-block-heading\"><strong><a href=\"https:\/\/hcimf.cz\/index.php\/jesus-sampedro-marquez\/\" data-type=\"page\" data-id=\"333\">Jes\u00fas Sampedro M\u00e1rquez<\/a> <\/strong>\u2013 \u0160pan\u011blsko (varhany)<\/h1>\n\n\n\n<p>Kostel Krista dobr\u00e9ho Past\u00fd\u0159e, Husova 1, Plze\u0148<\/p>\n\n\n\n<h5 class=\"wp-block-heading has-black-color has-text-color has-link-color wp-elements-1197ccdf6778f8e6a359f14a0f3a9b2f\">16. \u010dervence od 16:00 : JI\u017e prob\u011bhl<\/h5>\n\n\n\n<p><\/p>\n\n\n\n<h1 class=\"wp-block-heading\"><strong><a href=\"https:\/\/hcimf.cz\/index.php\/karolina-cingrosova\/\" data-type=\"page\" data-id=\"390\">Karol\u00edna Cingro\u0161ov\u00e1<\/a><\/strong> (sopr\u00e1n)<strong>, <a href=\"https:\/\/hcimf.cz\/index.php\/anna-paulova\/\" data-type=\"page\" data-id=\"392\">Anna Paulov\u00e1<\/a> <\/strong>(klarinet)<strong>, <a href=\"https:\/\/hcimf.cz\/index.php\/lukas-sommer\/\" data-type=\"page\" data-id=\"394\">Luk\u00e1\u0161 Sommer<\/a><\/strong> (kytara)<\/h1>\n\n\n\n<p>Synagoga Milevsko<\/p>\n\n\n\n<h5 class=\"wp-block-heading has-text-color has-link-color wp-elements-9ef3a32660abc716ea61531cccf41cf9\" style=\"color:#c000a4\">27. z\u00e1\u0159\u00ed 2025 od 16:00 : <a href=\"https:\/\/hcimf.cz\/index.php\/program-koncertu-karolina-cingrosova-anna-paulova-lukas-sommer\/\" data-type=\"page\" data-id=\"412\">Program<\/a><\/h5>\n\n\n\n<p><\/p>\n\n\n\n<h1 class=\"wp-block-heading\"><strong><a href=\"https:\/\/hcimf.cz\/index.php\/michaela-kacerkova\/\" data-type=\"page\" data-id=\"335\">Michaela K\u00e1\u010derkov\u00e1<\/a> <\/strong>(varhany, cembalo),<strong> <a href=\"https:\/\/hcimf.cz\/index.php\/tomas-strasil\/\" data-type=\"page\" data-id=\"337\">Tom\u00e1\u0161 Stra\u0161il<\/a> <\/strong>(violoncello)<\/h1>\n\n\n\n<p>Kostel Krista dobr\u00e9ho Past\u00fd\u0159e, Husova 1, Plze\u0148<\/p>\n\n\n\n<h5 class=\"wp-block-heading has-text-color has-link-color wp-elements-59b281fac1008dce6c19f160bc6d61c7\" style=\"color:#c000a4\">3. \u0158\u00cdJNA 2025 od 16:00 : <a href=\"https:\/\/hcimf.cz\/index.php\/program-kacerkova\/\" data-type=\"page\" data-id=\"342\">program<\/a><\/h5>\n\n\n\n<p><\/p>\n\n\n\n<h1 class=\"wp-block-heading\"><strong><a href=\"https:\/\/hcimf.cz\/index.php\/katerina-malkova\/\" data-type=\"page\" data-id=\"396\">Kate\u0159ina M\u00e1lkov\u00e1<\/a> <\/strong>(varhany),<strong> <a href=\"https:\/\/hcimf.cz\/index.php\/josef-kovacic\/\" data-type=\"page\" data-id=\"398\">Josef Kova\u010di\u010d<\/a><\/strong> (bas)<\/h1>\n\n\n\n<p>Kostel Krista dobr\u00e9ho Past\u00fd\u0159e, Husova 1, Plze\u0148<\/p>\n\n\n\n<h5 class=\"wp-block-heading has-text-color has-link-color wp-elements-d6823cab4a33471e536eb10bc9dd488f\" style=\"color:#c000a4\">19. \u0159\u00edjna 2025 od 16:00 : <a href=\"https:\/\/hcimf.cz\/index.php\/program-koncetu-kateriny-malkove-varhany-a-josefa-kovacice-bas\/\" data-type=\"page\" data-id=\"342\">program<\/a><\/h5>\n\n\n\n<p><\/p>\n\n\n\n<h1 class=\"wp-block-heading\"><\/h1>\n\n\n\n<h1 class=\"wp-block-heading\"><\/h1>\n\n\n\n<p><hr><\/p>\n\n\n\n<div class=\"wp-block-buttons is-layout-flex wp-block-buttons-is-layout-flex\">\n<div class=\"wp-block-button\"><a class=\"wp-block-button__link wp-element-button\" href=\"https:\/\/hcimf.cz\/\">Zp\u011bt<\/a><\/div>\n\n\n\n<div class=\"wp-block-button\"><a class=\"wp-block-button__link wp-element-button\" href=\"https:\/\/hcimf.cz\/index.php\/historie\/\">Uplynul\u00e9 ro\u010dn\u00edky<\/a><\/div>\n<\/div>\n\n\n\n<h2 class=\"wp-block-heading\"><\/h2>\n","protected":false},"excerpt":{"rendered":"<p>Roman Perucki \u2013 Polsko (varhany) Kostel Krista dobr\u00e9ho Past\u00fd\u0159e, Husova 1, Plze\u0148 15. \u010dervna 2025 od 16:00 : JI\u017e prob\u011bhl Jes\u00fas Sampedro M\u00e1rquez \u2013 \u0160pan\u011blsko (varhany) Kostel Krista dobr\u00e9ho Past\u00fd\u0159e, Husova 1, Plze\u0148 16. \u010dervence od 16:00 : JI\u017e prob\u011bhl Karol\u00edna Cingro\u0161ov\u00e1 (sopr\u00e1n), Anna Paulov\u00e1 (klarinet), Luk\u00e1\u0161 Sommer (kytara) Synagoga Milevsko 27. z\u00e1\u0159\u00ed 2025 od &hellip; <\/p>\n<p class=\"link-more\"><a href=\"https:\/\/hcimf.cz\/index.php\/program\/\" class=\"more-link\">Pokra\u010dovat ve \u010dten\u00ed<span class=\"screen-reader-text\"> &#8222;Program II. ro\u010dn\u00edk 2025&#8220;<\/span><\/a><\/p>\n","protected":false},"author":1,"featured_media":0,"parent":0,"menu_order":0,"comment_status":"closed","ping_status":"closed","template":"","meta":{"footnotes":""},"class_list":["post-232","page","type-page","status-publish","hentry"],"_links":{"self":[{"href":"https:\/\/hcimf.cz\/index.php\/wp-json\/wp\/v2\/pages\/232","targetHints":{"allow":["GET"]}}],"collection":[{"href":"https:\/\/hcimf.cz\/index.php\/wp-json\/wp\/v2\/pages"}],"about":[{"href":"https:\/\/hcimf.cz\/index.php\/wp-json\/wp\/v2\/types\/page"}],"author":[{"embeddable":true,"href":"https:\/\/hcimf.cz\/index.php\/wp-json\/wp\/v2\/users\/1"}],"replies":[{"embeddable":true,"href":"https:\/\/hcimf.cz\/index.php\/wp-json\/wp\/v2\/comments?post=232"}],"version-history":[{"count":56,"href":"https:\/\/hcimf.cz\/index.php\/wp-json\/wp\/v2\/pages\/232\/revisions"}],"predecessor-version":[{"id":571,"href":"https:\/\/hcimf.cz\/index.php\/wp-json\/wp\/v2\/pages\/232\/revisions\/571"}],"wp:attachment":[{"href":"https:\/\/hcimf.cz\/index.php\/wp-json\/wp\/v2\/media?parent=232"}],"curies":[{"name":"wp","href":"https:\/\/api.w.org\/{rel}","templated":true}]}}