{"id":26,"date":"2024-08-17T22:11:30","date_gmt":"2024-08-17T22:11:30","guid":{"rendered":"http:\/\/46.28.110.232\/?page_id=26"},"modified":"2025-05-25T18:56:55","modified_gmt":"2025-05-25T18:56:55","slug":"umelci","status":"publish","type":"page","link":"https:\/\/hcimf.cz\/index.php\/umelci\/","title":{"rendered":"Um\u011blci"},"content":{"rendered":"\n<h1 class=\"wp-block-heading has-text-align-center\">Prob\u00edhaj\u00edc\u00ed II. ro\u010dn\u00edk<\/h1>\n\n\n\n<div class=\"wp-block-media-text is-stacked-on-mobile\"><figure class=\"wp-block-media-text__media\"><img fetchpriority=\"high\" decoding=\"async\" width=\"512\" height=\"512\" src=\"https:\/\/hcimf.cz\/wp-content\/uploads\/2025\/05\/perucki-1.png\" alt=\"\" class=\"wp-image-501 size-full\" srcset=\"https:\/\/hcimf.cz\/wp-content\/uploads\/2025\/05\/perucki-1.png 512w, https:\/\/hcimf.cz\/wp-content\/uploads\/2025\/05\/perucki-1-300x300.png 300w, https:\/\/hcimf.cz\/wp-content\/uploads\/2025\/05\/perucki-1-150x150.png 150w, https:\/\/hcimf.cz\/wp-content\/uploads\/2025\/05\/perucki-1-100x100.png 100w, https:\/\/hcimf.cz\/wp-content\/uploads\/2025\/05\/perucki-1-24x24.png 24w, https:\/\/hcimf.cz\/wp-content\/uploads\/2025\/05\/perucki-1-36x36.png 36w, https:\/\/hcimf.cz\/wp-content\/uploads\/2025\/05\/perucki-1-48x48.png 48w\" sizes=\"(max-width: 512px) 100vw, 512px\" \/><\/figure><div class=\"wp-block-media-text__content\">\n<h2 class=\"wp-block-heading has-text-align-center\"><a href=\"https:\/\/hcimf.cz\/index.php\/prof-roman-perucki\/\" data-type=\"page\" data-id=\"331\">Roman Perucki<\/a><\/h2>\n\n\n\n<div class=\"wp-block-buttons is-content-justification-center is-layout-flex wp-container-core-buttons-is-layout-16018d1d wp-block-buttons-is-layout-flex\">\n<div class=\"wp-block-button\"><a class=\"wp-block-button__link wp-element-button\" href=\"https:\/\/hcimf.cz\/index.php\/program-perucki\/\">PROGRAM<\/a><\/div>\n<\/div>\n<\/div><\/div>\n\n\n\n<div class=\"wp-block-media-text is-stacked-on-mobile\"><figure class=\"wp-block-media-text__media\"><img decoding=\"async\" width=\"512\" height=\"512\" src=\"https:\/\/hcimf.cz\/wp-content\/uploads\/2025\/05\/jesus-1.png\" alt=\"\" class=\"wp-image-503 size-full\" srcset=\"https:\/\/hcimf.cz\/wp-content\/uploads\/2025\/05\/jesus-1.png 512w, https:\/\/hcimf.cz\/wp-content\/uploads\/2025\/05\/jesus-1-300x300.png 300w, https:\/\/hcimf.cz\/wp-content\/uploads\/2025\/05\/jesus-1-150x150.png 150w, https:\/\/hcimf.cz\/wp-content\/uploads\/2025\/05\/jesus-1-100x100.png 100w, https:\/\/hcimf.cz\/wp-content\/uploads\/2025\/05\/jesus-1-24x24.png 24w, https:\/\/hcimf.cz\/wp-content\/uploads\/2025\/05\/jesus-1-36x36.png 36w, https:\/\/hcimf.cz\/wp-content\/uploads\/2025\/05\/jesus-1-48x48.png 48w\" sizes=\"(max-width: 512px) 100vw, 512px\" \/><\/figure><div class=\"wp-block-media-text__content\">\n<h2 class=\"wp-block-heading has-text-align-center\"><a href=\"https:\/\/hcimf.cz\/index.php\/jesus-sampedro-marquez\/\" data-type=\"page\" data-id=\"333\">Jes\u00fas Sampedro M\u00e1rquez<\/a><\/h2>\n\n\n\n<div class=\"wp-block-buttons is-content-justification-center is-layout-flex wp-container-core-buttons-is-layout-16018d1d wp-block-buttons-is-layout-flex\">\n<div class=\"wp-block-button\"><a class=\"wp-block-button__link wp-element-button\" href=\"https:\/\/hcimf.cz\/index.php\/program-jesus\/\">PROGRAM<\/a><\/div>\n<\/div>\n<\/div><\/div>\n\n\n\n<div class=\"wp-block-media-text is-stacked-on-mobile\"><figure class=\"wp-block-media-text__media\"><img decoding=\"async\" width=\"512\" height=\"512\" src=\"https:\/\/hcimf.cz\/wp-content\/uploads\/2025\/05\/michaelakacerkova-1.png\" alt=\"\" class=\"wp-image-491 size-full\" srcset=\"https:\/\/hcimf.cz\/wp-content\/uploads\/2025\/05\/michaelakacerkova-1.png 512w, https:\/\/hcimf.cz\/wp-content\/uploads\/2025\/05\/michaelakacerkova-1-300x300.png 300w, https:\/\/hcimf.cz\/wp-content\/uploads\/2025\/05\/michaelakacerkova-1-150x150.png 150w, https:\/\/hcimf.cz\/wp-content\/uploads\/2025\/05\/michaelakacerkova-1-100x100.png 100w, https:\/\/hcimf.cz\/wp-content\/uploads\/2025\/05\/michaelakacerkova-1-24x24.png 24w, https:\/\/hcimf.cz\/wp-content\/uploads\/2025\/05\/michaelakacerkova-1-36x36.png 36w, https:\/\/hcimf.cz\/wp-content\/uploads\/2025\/05\/michaelakacerkova-1-48x48.png 48w\" sizes=\"(max-width: 512px) 100vw, 512px\" \/><\/figure><div class=\"wp-block-media-text__content\">\n<h2 class=\"wp-block-heading has-text-align-center\"><a href=\"https:\/\/hcimf.cz\/index.php\/michaela-kacerkova\/\" data-type=\"page\" data-id=\"335\">Michaela K\u00e1\u010derkov\u00e1<\/a><\/h2>\n\n\n\n<div class=\"wp-block-buttons is-content-justification-center is-layout-flex wp-container-core-buttons-is-layout-16018d1d wp-block-buttons-is-layout-flex\">\n<div class=\"wp-block-button\"><a class=\"wp-block-button__link has-text-align-center wp-element-button\" href=\"https:\/\/hcimf.cz\/index.php\/program-kacerkova\/\">PROGRAM<\/a><\/div>\n<\/div>\n<\/div><\/div>\n\n\n\n<div class=\"wp-block-media-text is-stacked-on-mobile\"><figure class=\"wp-block-media-text__media\"><img loading=\"lazy\" decoding=\"async\" width=\"512\" height=\"512\" src=\"https:\/\/hcimf.cz\/wp-content\/uploads\/2025\/05\/tomasstrasil-1.png\" alt=\"\" class=\"wp-image-493 size-full\" srcset=\"https:\/\/hcimf.cz\/wp-content\/uploads\/2025\/05\/tomasstrasil-1.png 512w, https:\/\/hcimf.cz\/wp-content\/uploads\/2025\/05\/tomasstrasil-1-300x300.png 300w, https:\/\/hcimf.cz\/wp-content\/uploads\/2025\/05\/tomasstrasil-1-150x150.png 150w, https:\/\/hcimf.cz\/wp-content\/uploads\/2025\/05\/tomasstrasil-1-100x100.png 100w, https:\/\/hcimf.cz\/wp-content\/uploads\/2025\/05\/tomasstrasil-1-24x24.png 24w, https:\/\/hcimf.cz\/wp-content\/uploads\/2025\/05\/tomasstrasil-1-36x36.png 36w, https:\/\/hcimf.cz\/wp-content\/uploads\/2025\/05\/tomasstrasil-1-48x48.png 48w\" sizes=\"(max-width: 512px) 100vw, 512px\" \/><\/figure><div class=\"wp-block-media-text__content\">\n<h2 class=\"wp-block-heading has-text-align-center\"><a href=\"https:\/\/hcimf.cz\/index.php\/tomas-strasil\/\" data-type=\"page\" data-id=\"337\">Tom\u00e1\u0161 Stra\u0161il<\/a><\/h2>\n\n\n\n<div class=\"wp-block-buttons is-content-justification-center is-layout-flex wp-container-core-buttons-is-layout-16018d1d wp-block-buttons-is-layout-flex\">\n<div class=\"wp-block-button\"><a class=\"wp-block-button__link has-text-align-center wp-element-button\" href=\"https:\/\/hcimf.cz\/index.php\/program-kacerkova\/\">PROGRAM<\/a><\/div>\n<\/div>\n<\/div><\/div>\n\n\n\n<div class=\"wp-block-media-text is-stacked-on-mobile\"><figure class=\"wp-block-media-text__media\"><img loading=\"lazy\" decoding=\"async\" width=\"512\" height=\"512\" src=\"https:\/\/hcimf.cz\/wp-content\/uploads\/2025\/05\/karolinacingrosova-1.png\" alt=\"\" class=\"wp-image-499 size-full\" srcset=\"https:\/\/hcimf.cz\/wp-content\/uploads\/2025\/05\/karolinacingrosova-1.png 512w, https:\/\/hcimf.cz\/wp-content\/uploads\/2025\/05\/karolinacingrosova-1-300x300.png 300w, https:\/\/hcimf.cz\/wp-content\/uploads\/2025\/05\/karolinacingrosova-1-150x150.png 150w, https:\/\/hcimf.cz\/wp-content\/uploads\/2025\/05\/karolinacingrosova-1-100x100.png 100w, https:\/\/hcimf.cz\/wp-content\/uploads\/2025\/05\/karolinacingrosova-1-24x24.png 24w, https:\/\/hcimf.cz\/wp-content\/uploads\/2025\/05\/karolinacingrosova-1-36x36.png 36w, https:\/\/hcimf.cz\/wp-content\/uploads\/2025\/05\/karolinacingrosova-1-48x48.png 48w\" sizes=\"(max-width: 512px) 100vw, 512px\" \/><\/figure><div class=\"wp-block-media-text__content\">\n<h2 class=\"wp-block-heading has-text-align-center\"><a href=\"https:\/\/hcimf.cz\/index.php\/karolina-cingrosova\/\">Karol\u00edna Cingro\u0161ov\u00e1<\/a><\/h2>\n\n\n\n<div class=\"wp-block-buttons is-content-justification-center is-layout-flex wp-container-core-buttons-is-layout-16018d1d wp-block-buttons-is-layout-flex\">\n<div class=\"wp-block-button\"><a class=\"wp-block-button__link has-text-align-center wp-element-button\" href=\"https:\/\/hcimf.cz\/index.php\/program-koncertu-karolina-cingrosova-anna-paulova-lukas-sommer\/\">PROGRAM<\/a><\/div>\n<\/div>\n<\/div><\/div>\n\n\n\n<div class=\"wp-block-media-text is-stacked-on-mobile\"><figure class=\"wp-block-media-text__media\"><img loading=\"lazy\" decoding=\"async\" width=\"512\" height=\"512\" src=\"https:\/\/hcimf.cz\/wp-content\/uploads\/2025\/05\/annapaulova-2.png\" alt=\"\" class=\"wp-image-495 size-full\" srcset=\"https:\/\/hcimf.cz\/wp-content\/uploads\/2025\/05\/annapaulova-2.png 512w, https:\/\/hcimf.cz\/wp-content\/uploads\/2025\/05\/annapaulova-2-300x300.png 300w, https:\/\/hcimf.cz\/wp-content\/uploads\/2025\/05\/annapaulova-2-150x150.png 150w, https:\/\/hcimf.cz\/wp-content\/uploads\/2025\/05\/annapaulova-2-100x100.png 100w, https:\/\/hcimf.cz\/wp-content\/uploads\/2025\/05\/annapaulova-2-24x24.png 24w, https:\/\/hcimf.cz\/wp-content\/uploads\/2025\/05\/annapaulova-2-36x36.png 36w, https:\/\/hcimf.cz\/wp-content\/uploads\/2025\/05\/annapaulova-2-48x48.png 48w\" sizes=\"(max-width: 512px) 100vw, 512px\" \/><\/figure><div class=\"wp-block-media-text__content\">\n<h2 class=\"wp-block-heading has-text-align-center\"><a href=\"https:\/\/hcimf.cz\/index.php\/anna-paulova\/\" data-type=\"page\" data-id=\"392\">Anna Paulov\u00e1<\/a><\/h2>\n\n\n\n<div class=\"wp-block-buttons is-content-justification-center is-layout-flex wp-container-core-buttons-is-layout-16018d1d wp-block-buttons-is-layout-flex\">\n<div class=\"wp-block-button\"><a class=\"wp-block-button__link has-text-align-center wp-element-button\" href=\"https:\/\/hcimf.cz\/index.php\/program-koncertu-karolina-cingrosova-anna-paulova-lukas-sommer\/\">PROGRAM<\/a><\/div>\n<\/div>\n<\/div><\/div>\n\n\n\n<div class=\"wp-block-media-text is-stacked-on-mobile\"><figure class=\"wp-block-media-text__media\"><img loading=\"lazy\" decoding=\"async\" width=\"512\" height=\"512\" src=\"https:\/\/hcimf.cz\/wp-content\/uploads\/2025\/05\/lukassommer-2.png\" alt=\"\" class=\"wp-image-489 size-full\" srcset=\"https:\/\/hcimf.cz\/wp-content\/uploads\/2025\/05\/lukassommer-2.png 512w, https:\/\/hcimf.cz\/wp-content\/uploads\/2025\/05\/lukassommer-2-300x300.png 300w, https:\/\/hcimf.cz\/wp-content\/uploads\/2025\/05\/lukassommer-2-150x150.png 150w, https:\/\/hcimf.cz\/wp-content\/uploads\/2025\/05\/lukassommer-2-100x100.png 100w, https:\/\/hcimf.cz\/wp-content\/uploads\/2025\/05\/lukassommer-2-24x24.png 24w, https:\/\/hcimf.cz\/wp-content\/uploads\/2025\/05\/lukassommer-2-36x36.png 36w, https:\/\/hcimf.cz\/wp-content\/uploads\/2025\/05\/lukassommer-2-48x48.png 48w\" sizes=\"(max-width: 512px) 100vw, 512px\" \/><\/figure><div class=\"wp-block-media-text__content\">\n<h2 class=\"wp-block-heading has-text-align-center\"><a href=\"https:\/\/hcimf.cz\/index.php\/lukas-sommer\/\" data-type=\"page\" data-id=\"394\">Luk\u00e1\u0161 Sommer<\/a><\/h2>\n\n\n\n<div class=\"wp-block-buttons is-content-justification-center is-layout-flex wp-container-core-buttons-is-layout-16018d1d wp-block-buttons-is-layout-flex\">\n<div class=\"wp-block-button\"><a class=\"wp-block-button__link has-text-align-center wp-element-button\" href=\"https:\/\/hcimf.cz\/index.php\/program-koncertu-karolina-cingrosova-anna-paulova-lukas-sommer\/\">PROGRAM<\/a><\/div>\n<\/div>\n<\/div><\/div>\n\n\n\n<div class=\"wp-block-media-text is-stacked-on-mobile\"><figure class=\"wp-block-media-text__media\"><img loading=\"lazy\" decoding=\"async\" width=\"512\" height=\"512\" src=\"https:\/\/hcimf.cz\/wp-content\/uploads\/2025\/05\/katerinamalkova-2.png\" alt=\"\" class=\"wp-image-496 size-full\" srcset=\"https:\/\/hcimf.cz\/wp-content\/uploads\/2025\/05\/katerinamalkova-2.png 512w, https:\/\/hcimf.cz\/wp-content\/uploads\/2025\/05\/katerinamalkova-2-300x300.png 300w, https:\/\/hcimf.cz\/wp-content\/uploads\/2025\/05\/katerinamalkova-2-150x150.png 150w, https:\/\/hcimf.cz\/wp-content\/uploads\/2025\/05\/katerinamalkova-2-100x100.png 100w, https:\/\/hcimf.cz\/wp-content\/uploads\/2025\/05\/katerinamalkova-2-24x24.png 24w, https:\/\/hcimf.cz\/wp-content\/uploads\/2025\/05\/katerinamalkova-2-36x36.png 36w, https:\/\/hcimf.cz\/wp-content\/uploads\/2025\/05\/katerinamalkova-2-48x48.png 48w\" sizes=\"(max-width: 512px) 100vw, 512px\" \/><\/figure><div class=\"wp-block-media-text__content\">\n<h2 class=\"wp-block-heading has-text-align-center\"><a href=\"https:\/\/hcimf.cz\/index.php\/katerina-malkova\/\" data-type=\"page\" data-id=\"396\">Kate\u0159ina M\u00e1lkov\u00e1<\/a><\/h2>\n\n\n\n<div class=\"wp-block-buttons is-content-justification-center is-layout-flex wp-container-core-buttons-is-layout-16018d1d wp-block-buttons-is-layout-flex\">\n<div class=\"wp-block-button\"><a class=\"wp-block-button__link has-text-align-center wp-element-button\" href=\"https:\/\/hcimf.cz\/index.php\/program-koncertu-katerina-malkova-josef-kovacic\/\">PROGRAM<\/a><\/div>\n<\/div>\n<\/div><\/div>\n\n\n\n<div class=\"wp-block-media-text is-stacked-on-mobile\"><figure class=\"wp-block-media-text__media\"><img loading=\"lazy\" decoding=\"async\" width=\"512\" height=\"512\" src=\"https:\/\/hcimf.cz\/wp-content\/uploads\/2025\/05\/josefkovacic-2.png\" alt=\"\" class=\"wp-image-497 size-full\" srcset=\"https:\/\/hcimf.cz\/wp-content\/uploads\/2025\/05\/josefkovacic-2.png 512w, https:\/\/hcimf.cz\/wp-content\/uploads\/2025\/05\/josefkovacic-2-300x300.png 300w, https:\/\/hcimf.cz\/wp-content\/uploads\/2025\/05\/josefkovacic-2-150x150.png 150w, https:\/\/hcimf.cz\/wp-content\/uploads\/2025\/05\/josefkovacic-2-100x100.png 100w, https:\/\/hcimf.cz\/wp-content\/uploads\/2025\/05\/josefkovacic-2-24x24.png 24w, https:\/\/hcimf.cz\/wp-content\/uploads\/2025\/05\/josefkovacic-2-36x36.png 36w, https:\/\/hcimf.cz\/wp-content\/uploads\/2025\/05\/josefkovacic-2-48x48.png 48w\" sizes=\"(max-width: 512px) 100vw, 512px\" \/><\/figure><div class=\"wp-block-media-text__content\">\n<h2 class=\"wp-block-heading has-text-align-center\"><a href=\"https:\/\/hcimf.cz\/index.php\/josef-kovacic\/\" data-type=\"page\" data-id=\"398\">Josef Kova\u010di\u010d<\/a><\/h2>\n\n\n\n<div class=\"wp-block-buttons is-content-justification-center is-layout-flex wp-container-core-buttons-is-layout-16018d1d wp-block-buttons-is-layout-flex\">\n<div class=\"wp-block-button\"><a class=\"wp-block-button__link has-text-align-center wp-element-button\" href=\"https:\/\/hcimf.cz\/index.php\/program-koncertu-katerina-malkova-josef-kovacic\/\">PROGRAM<\/a><\/div>\n<\/div>\n<\/div><\/div>\n\n\n<hr \/>\n\n\n<h1 class=\"wp-block-heading has-text-align-center\">I. ro\u010dn\u00edk<\/h1>\n\n\n\n<div class=\"wp-block-media-text is-stacked-on-mobile\"><figure class=\"wp-block-media-text__media\"><img loading=\"lazy\" decoding=\"async\" width=\"498\" height=\"441\" src=\"https:\/\/hcimf.cz\/wp-content\/uploads\/2024\/08\/classicon.png\" alt=\"\" class=\"wp-image-51 size-full\"\/><\/figure><div class=\"wp-block-media-text__content\">\n<p class=\"has-text-align-center\">Classicon XX.<\/p>\n<\/div><\/div>\n\n\n\n<div class=\"wp-block-media-text is-stacked-on-mobile\"><figure class=\"wp-block-media-text__media\"><img loading=\"lazy\" decoding=\"async\" width=\"499\" height=\"498\" src=\"https:\/\/hcimf.cz\/wp-content\/uploads\/2024\/08\/fialova.png\" alt=\"\" class=\"wp-image-50 size-full\"\/><\/figure><div class=\"wp-block-media-text__content\">\n<p class=\"has-text-align-center\">Kristina Fialov\u00e1, violistka<\/p>\n<\/div><\/div>\n\n\n\n<div class=\"wp-block-media-text is-stacked-on-mobile\"><figure class=\"wp-block-media-text__media\"><img loading=\"lazy\" decoding=\"async\" width=\"500\" height=\"501\" src=\"https:\/\/hcimf.cz\/wp-content\/uploads\/2024\/08\/nouzovsky.png\" alt=\"\" class=\"wp-image-49 size-full\"\/><\/figure><div class=\"wp-block-media-text__content\">\n<p class=\"has-text-align-center\">Petr Nouzovsk\u00fd, violoncellista<\/p>\n<\/div><\/div>\n\n\n\n<div class=\"wp-block-media-text is-stacked-on-mobile\"><figure class=\"wp-block-media-text__media\"><img loading=\"lazy\" decoding=\"async\" width=\"506\" height=\"498\" src=\"https:\/\/hcimf.cz\/wp-content\/uploads\/2024\/08\/kvarteto.png\" alt=\"\" class=\"wp-image-48 size-full\"\/><\/figure><div class=\"wp-block-media-text__content\">\n<p class=\"has-text-align-center\">Apollon quartet<\/p>\n<\/div><\/div>\n\n\n\n<p><\/p>\n","protected":false},"excerpt":{"rendered":"<p>Prob\u00edhaj\u00edc\u00ed II. ro\u010dn\u00edk I. ro\u010dn\u00edk Classicon XX. Kristina Fialov\u00e1, violistka Petr Nouzovsk\u00fd, violoncellista Apollon quartet<\/p>\n","protected":false},"author":1,"featured_media":0,"parent":0,"menu_order":0,"comment_status":"closed","ping_status":"closed","template":"","meta":{"footnotes":""},"class_list":["post-26","page","type-page","status-publish","hentry"],"_links":{"self":[{"href":"https:\/\/hcimf.cz\/index.php\/wp-json\/wp\/v2\/pages\/26","targetHints":{"allow":["GET"]}}],"collection":[{"href":"https:\/\/hcimf.cz\/index.php\/wp-json\/wp\/v2\/pages"}],"about":[{"href":"https:\/\/hcimf.cz\/index.php\/wp-json\/wp\/v2\/types\/page"}],"author":[{"embeddable":true,"href":"https:\/\/hcimf.cz\/index.php\/wp-json\/wp\/v2\/users\/1"}],"replies":[{"embeddable":true,"href":"https:\/\/hcimf.cz\/index.php\/wp-json\/wp\/v2\/comments?post=26"}],"version-history":[{"count":37,"href":"https:\/\/hcimf.cz\/index.php\/wp-json\/wp\/v2\/pages\/26\/revisions"}],"predecessor-version":[{"id":504,"href":"https:\/\/hcimf.cz\/index.php\/wp-json\/wp\/v2\/pages\/26\/revisions\/504"}],"wp:attachment":[{"href":"https:\/\/hcimf.cz\/index.php\/wp-json\/wp\/v2\/media?parent=26"}],"curies":[{"name":"wp","href":"https:\/\/api.w.org\/{rel}","templated":true}]}}