{"id":335,"date":"2025-05-25T14:51:55","date_gmt":"2025-05-25T14:51:55","guid":{"rendered":"https:\/\/hcimf.cz\/?page_id=335"},"modified":"2025-05-25T16:25:45","modified_gmt":"2025-05-25T16:25:45","slug":"michaela-kacerkova","status":"publish","type":"page","link":"https:\/\/hcimf.cz\/index.php\/michaela-kacerkova\/","title":{"rendered":"Michaela K\u00e1\u010derkov\u00e1"},"content":{"rendered":"\n<p>Michaela K\u00e1\u010derkov\u00e1 je \u010desk\u00e1 varhanice a hudebn\u00ed mana\u017eerka, kter\u00e1 se soustavn\u011b v\u011bnuje s\u00f3lov\u00e9 koncertn\u00ed \u010dinnosti, vystupuje pravideln\u011b na koncertech i festivalech v \u010cesk\u00e9 republice, N\u011bmecku, Rakousku, Polsku, It\u00e1lii a \u0160pan\u011blsku, ale vrac\u00ed se i do Japonska \u010di do Ji\u017en\u00ed Ameriky. Spolupracuje s mnoha s\u00f3listy, orchestry a barokn\u00edmi ans\u00e1mbly nap\u0159. Budafok Dohn\u00e1nyi Orchestra, Symfonick\u00fd orchestr \u010cesk\u00e9ho rozhlasu, orchestr N\u00e1rodn\u00edho divadla v Praze, Komorn\u00ed filharmonie Pardubice, Capella Regia Praha, Barocco sempre giovane aj. Jej\u00ed reperto\u00e1r zahrnuje hudbu v\u0161ech stylov\u00fdch obdob\u00ed od renesance a\u017e po sou\u010dasnou tvorbu. D\u016fle\u017eit\u00fdm z\u00e1kladn\u00edm kamenem jej\u00edho reperto\u00e1ru je \u010desk\u00e1 varhann\u00ed tvorba, do sv\u00fdch program\u016f \u010desk\u00e9 autory vkl\u00e1d\u00e1 v\u017edy, o to v\u00edc v cizin\u011b. Za\u0159adila se k v\u00fdrazn\u00fdm osobnostem \u010desk\u00e9 hudebn\u00ed sc\u00e9ny. <\/p>\n\n\n\n<p>Hru na varhany vystudovala na Pra\u017esk\u00e9 konzervato\u0159i u Jana Hory, na Akademii m\u00fazick\u00fdch um\u011bn\u00ed u Jaroslava T\u016fmy a d\u00e1le je\u0161t\u011b na Hochschule f\u00fcr Musik und Theater Felix Mendelssohn-Bartholdy v Lipsku; tam byli jej\u00edmi pedagogy varhan\u00edk Stefan Engels a cembalista Tobias Schade. B\u011bhem studia se z\u00fa\u010dastnila \u0159ady mistrovsk\u00fdch kurz\u016f, mimo jin\u00e9 pod veden\u00edm Haralda Vogela, Martina Sandera, Lorenza Ghielmiho, Oliviera Latryho nebo Ludgera Lohmanna. V sou\u010dasn\u00e9 dob\u011b se zab\u00fdv\u00e1 rozs\u00e1hl\u00fdm nahr\u00e1vac\u00edm projektem \u201eHistorick\u00e9 varhany Karlovarsk\u00e9ho kraje\u201c. S\u00e9rie CD vych\u00e1z\u00ed u spole\u010dnosti ARTA Records. Je zakladatelkou a dramaturgyn\u00ed Mezin\u00e1rodn\u00edho hudebn\u00edho festivalu J. C. F. Fischera a Karlovarsk\u00fdch varhann\u00edch ve\u010der\u016f. <\/p>\n\n\n\n<p>Od \u010dervna 2021 p\u016fsob\u00ed jako \u0159editelka jednoho z nejstar\u0161\u00edch evropsk\u00fdch t\u011bles &#8211; Karlovarsk\u00e9ho symfonick\u00e9ho orchestru<\/p>\n\n\n\n<div class=\"wp-block-buttons is-layout-flex wp-block-buttons-is-layout-flex\">\n<div class=\"wp-block-button\"><a class=\"wp-block-button__link wp-element-button\" href=\"https:\/\/hcimf.cz\/index.php\/program\/\">ZP\u011aT<\/a><\/div>\n\n\n\n<div class=\"wp-block-button\"><a class=\"wp-block-button__link wp-element-button\" href=\"https:\/\/hcimf.cz\/index.php\/program-kacerkova\/\">PROGRAM<\/a><\/div>\n\n\n\n<div class=\"wp-block-button\"><a class=\"wp-block-button__link wp-element-button\" href=\"https:\/\/hcimf.cz\/index.php\/umelci\/\">UM\u011aLCI<\/a><\/div>\n<\/div>\n\n\n\n<p><\/p>\n","protected":false},"excerpt":{"rendered":"<p>Michaela K\u00e1\u010derkov\u00e1 je \u010desk\u00e1 varhanice a hudebn\u00ed mana\u017eerka, kter\u00e1 se soustavn\u011b v\u011bnuje s\u00f3lov\u00e9 koncertn\u00ed \u010dinnosti, vystupuje pravideln\u011b na koncertech i festivalech v \u010cesk\u00e9 republice, N\u011bmecku, Rakousku, Polsku, It\u00e1lii a \u0160pan\u011blsku, ale vrac\u00ed se i do Japonska \u010di do Ji\u017en\u00ed Ameriky. Spolupracuje s mnoha s\u00f3listy, orchestry a barokn\u00edmi ans\u00e1mbly nap\u0159. Budafok Dohn\u00e1nyi Orchestra, Symfonick\u00fd orchestr \u010cesk\u00e9ho &hellip; <\/p>\n<p class=\"link-more\"><a href=\"https:\/\/hcimf.cz\/index.php\/michaela-kacerkova\/\" class=\"more-link\">Pokra\u010dovat ve \u010dten\u00ed<span class=\"screen-reader-text\"> &#8222;Michaela K\u00e1\u010derkov\u00e1&#8220;<\/span><\/a><\/p>\n","protected":false},"author":1,"featured_media":0,"parent":0,"menu_order":0,"comment_status":"closed","ping_status":"closed","template":"","meta":{"footnotes":""},"class_list":["post-335","page","type-page","status-publish","hentry"],"_links":{"self":[{"href":"https:\/\/hcimf.cz\/index.php\/wp-json\/wp\/v2\/pages\/335","targetHints":{"allow":["GET"]}}],"collection":[{"href":"https:\/\/hcimf.cz\/index.php\/wp-json\/wp\/v2\/pages"}],"about":[{"href":"https:\/\/hcimf.cz\/index.php\/wp-json\/wp\/v2\/types\/page"}],"author":[{"embeddable":true,"href":"https:\/\/hcimf.cz\/index.php\/wp-json\/wp\/v2\/users\/1"}],"replies":[{"embeddable":true,"href":"https:\/\/hcimf.cz\/index.php\/wp-json\/wp\/v2\/comments?post=335"}],"version-history":[{"count":3,"href":"https:\/\/hcimf.cz\/index.php\/wp-json\/wp\/v2\/pages\/335\/revisions"}],"predecessor-version":[{"id":401,"href":"https:\/\/hcimf.cz\/index.php\/wp-json\/wp\/v2\/pages\/335\/revisions\/401"}],"wp:attachment":[{"href":"https:\/\/hcimf.cz\/index.php\/wp-json\/wp\/v2\/media?parent=335"}],"curies":[{"name":"wp","href":"https:\/\/api.w.org\/{rel}","templated":true}]}}