{"id":342,"date":"2025-05-25T14:57:36","date_gmt":"2025-05-25T14:57:36","guid":{"rendered":"https:\/\/hcimf.cz\/?page_id=342"},"modified":"2025-08-18T10:53:45","modified_gmt":"2025-08-18T10:53:45","slug":"program-kacerkova","status":"publish","type":"page","link":"https:\/\/hcimf.cz\/index.php\/program-kacerkova\/","title":{"rendered":"Program koncertu Michaela K\u00e1\u010derkov\u00e1, Tom\u00e1\u0161 Stra\u0161il"},"content":{"rendered":"\n<p><\/p>\n\n\n\n<p>3. \u0159\u00edjna od 16:00 v Kostele Krista dobr\u00e9ho Past\u00fd\u0159e, Husova 1, Plze\u0148<\/p>\n\n\n\n<p>\ud83c\uddee\ud83c\uddf9 Benedetto Marcello (1686\u20131739)<br><strong>Sonata e moll<\/strong><br><em>Adagio \u2013 Allegro \u2013 Largo \u2013 Andante<\/em><\/p>\n\n\n\n<p>\ud83c\udde9\ud83c\uddea J.S. Bach (1685\u20131750)<br><strong>Air<\/strong><br>ze <em>Suity D dur<\/em><\/p>\n\n\n\n<p>\ud83c\udde9\ud83c\uddea Felix Mendelssohn-Bartholdy (1809\u20131847)<br><strong>Sonata A dur<\/strong>, op. 65\/3<\/p>\n\n\n\n<p>\ud83c\udde9\ud83c\uddea J.S. Bach (1685\u20131750)<br><strong>Suita G dur<\/strong>, BWV 1007<br><em>Preludium \u2013 Allemande \u2013 Courante \u2013 Sarabande \u2013 Menuet I &amp; II<\/em><\/p>\n\n\n\n<p>\ud83c\udde9\ud83c\uddea J.S. Bach (1685\u20131750)<br><strong>Sonata G moll<\/strong>, BWV 1029<br><em>Vivace \u2013 Adagio \u2013 Allegro<\/em><\/p>\n\n\n\n<div class=\"wp-block-buttons is-layout-flex wp-block-buttons-is-layout-flex\">\n<div class=\"wp-block-button\"><a class=\"wp-block-button__link wp-element-button\" href=\"https:\/\/hcimf.cz\/index.php\/program\/\">PROGRAM FESTIVALU<\/a><\/div>\n<\/div>\n\n\n\n<p><\/p>\n","protected":false},"excerpt":{"rendered":"<p>3. \u0159\u00edjna od 16:00 v Kostele Krista dobr\u00e9ho Past\u00fd\u0159e, Husova 1, Plze\u0148 \ud83c\uddee\ud83c\uddf9 Benedetto Marcello (1686\u20131739)Sonata e mollAdagio \u2013 Allegro \u2013 Largo \u2013 Andante \ud83c\udde9\ud83c\uddea J.S. Bach (1685\u20131750)Airze Suity D dur \ud83c\udde9\ud83c\uddea Felix Mendelssohn-Bartholdy (1809\u20131847)Sonata A dur, op. 65\/3 \ud83c\udde9\ud83c\uddea J.S. Bach (1685\u20131750)Suita G dur, BWV 1007Preludium \u2013 Allemande \u2013 Courante \u2013 Sarabande \u2013 Menuet &hellip; <\/p>\n<p class=\"link-more\"><a href=\"https:\/\/hcimf.cz\/index.php\/program-kacerkova\/\" class=\"more-link\">Pokra\u010dovat ve \u010dten\u00ed<span class=\"screen-reader-text\"> &#8222;Program koncertu Michaela K\u00e1\u010derkov\u00e1, Tom\u00e1\u0161 Stra\u0161il&#8220;<\/span><\/a><\/p>\n","protected":false},"author":1,"featured_media":0,"parent":0,"menu_order":0,"comment_status":"closed","ping_status":"closed","template":"","meta":{"footnotes":""},"class_list":["post-342","page","type-page","status-publish","hentry"],"_links":{"self":[{"href":"https:\/\/hcimf.cz\/index.php\/wp-json\/wp\/v2\/pages\/342","targetHints":{"allow":["GET"]}}],"collection":[{"href":"https:\/\/hcimf.cz\/index.php\/wp-json\/wp\/v2\/pages"}],"about":[{"href":"https:\/\/hcimf.cz\/index.php\/wp-json\/wp\/v2\/types\/page"}],"author":[{"embeddable":true,"href":"https:\/\/hcimf.cz\/index.php\/wp-json\/wp\/v2\/users\/1"}],"replies":[{"embeddable":true,"href":"https:\/\/hcimf.cz\/index.php\/wp-json\/wp\/v2\/comments?post=342"}],"version-history":[{"count":4,"href":"https:\/\/hcimf.cz\/index.php\/wp-json\/wp\/v2\/pages\/342\/revisions"}],"predecessor-version":[{"id":555,"href":"https:\/\/hcimf.cz\/index.php\/wp-json\/wp\/v2\/pages\/342\/revisions\/555"}],"wp:attachment":[{"href":"https:\/\/hcimf.cz\/index.php\/wp-json\/wp\/v2\/media?parent=342"}],"curies":[{"name":"wp","href":"https:\/\/api.w.org\/{rel}","templated":true}]}}