{"id":392,"date":"2025-05-25T16:12:51","date_gmt":"2025-05-25T16:12:51","guid":{"rendered":"https:\/\/hcimf.cz\/?page_id=392"},"modified":"2025-05-25T18:13:23","modified_gmt":"2025-05-25T18:13:23","slug":"anna-paulova","status":"publish","type":"page","link":"https:\/\/hcimf.cz\/index.php\/anna-paulova\/","title":{"rendered":"Anna Paulov\u00e1"},"content":{"rendered":"\n<p>Anna Paulov\u00e1 pat\u0159\u00ed k nejv\u00fdrazn\u011bj\u0161\u00edm \u010desk\u00fdm klarinetist\u016fm mlad\u00e9 generace. V roce 2015 se stala laure\u00e1tkou Mezin\u00e1rodn\u00ed hudebn\u00ed sout\u011b\u017ee Pra\u017esk\u00e9 jaro, kde z\u00edskala 2. cenu a dal\u0161\u00ed zvl\u00e1\u0161tn\u00ed ocen\u011bn\u00ed \u2013 cenu Nadace Bohuslava Martin\u016f, cenu Nadace Gideona Kleina ad. Ji\u017e p\u0159edt\u00edm z\u00edskala ocen\u011bn\u00ed v mnoha v\u00fdznamn\u00fdch \u010desk\u00fdch i mezin\u00e1rodn\u00edch klarinetov\u00fdch sout\u011b\u017e\u00edch: Marco Fiorindo Tur\u00edn a Giacomo Mensi Breno (It\u00e1lie), Kr\u0161ko (Slovinsko), Markneukirchen, Oldenburg a Possehl-Musikpreis L\u00fcbeck (N\u011bmecko), Wroc\u0142aw (Polsko), Yamaha Stipendium aj. V roce 2016 se stala absolutn\u00ed v\u00edt\u011bzkou sout\u011b\u017ee Nadace Bohuslava Martin\u016f. V roce 2019 postoupila do semifin\u00e1le presti\u017en\u00ed Mezin\u00e1rodn\u00ed hudebn\u00ed sout\u011b\u017ee ARD v Mnichov\u011b. Je dr\u017eitelkou ceny Nada\u010dn\u00edho fondu Viktora Kalabise a Zuzany R\u016f\u017ei\u010dkov\u00e9 pro nejlep\u0161\u00edho studenta HAMU v Praze roku 2020. Z\u00edskala speci\u00e1ln\u00ed cenu Golden Medal na sout\u011b\u017e\u00edch Vienna International Music Competition (2019) a Manhattan International Music Competition (2022). V listopadu 2022 vystoupila na festivalu Salon de Virtuosi v Bohemian National Hall v New Yorku a v listopadu 2023 s Orchestra Sinfonica di Sanremo v Teatro Olimpico v italsk\u00e9 Vicenze.<\/p>\n\n\n\n<p>Mezi jej\u00ed nejnov\u011bj\u0161\u00ed \u00fasp\u011bchy pat\u0159\u00ed Cena Ji\u0159\u00edho B\u011blohl\u00e1vka, jej\u00ed\u017e laure\u00e1tkou se stala v roce 2024. Z\u00edskala tak\u00e9 1. cenu na sout\u011b\u017ei Rising Stars Grand Prix 2024 v Berl\u00edn\u011b.<\/p>\n\n\n\n<p>Studovala na Pra\u017esk\u00e9 konzervato\u0159i u Milana Pol\u00e1ka a Ludmily Peterkov\u00e9 a na Akademii m\u00fazick\u00fdch um\u011bn\u00ed v Praze u Ji\u0159\u00edho Hlav\u00e1\u010de a Vlastimila Mare\u0161e. Ve studiu pokra\u010dovala na Musikhochschule L\u00fcbeck, kde nav\u0161t\u011bvovala hodiny Sabine Meyer a Reinera Wehle. Sv\u00e9 studium si d\u00e1le roz\u0161\u00ed\u0159ila na Royal Conservatoire Antwerp u Annelien van Wauwe a na Accademia di Santa Cecilia v \u0158\u00edm\u011b pod veden\u00edm Maestra Alessandra Carbonareho. V roce 2024 dokon\u010dila doktorsk\u00e9 studium na Akademii m\u00fazick\u00fdch um\u011bn\u00ed v Praze.<\/p>\n\n\n\n<p>Z\u00fa\u010dastnila se \u0159ady mistrovsk\u00fdch kurz\u016f pod veden\u00edm \u0161pi\u010dkov\u00fdch s\u00f3list\u016f a pedagog\u016f (Sharon Kam, Shirley Brill, Charles Neidich, Yehuda Gilad, Martin Fr\u00f6st, Fran\u00e7ois Benda, Philippe Berrod, Paul Meyer, Karl Leister, Wenzel Fuchs, Michel Lethiec a mnoho dal\u0161\u00edch).<\/p>\n\n\n\n<p>Koncertn\u00ed debut absolvovala v patn\u00e1cti letech s PKF \u2013 Prague Philharmonia a dirigentem Leo\u0161em Sv\u00e1rovsk\u00fdm. V roce 2014 vystoupila jako s\u00f3listka s \u010ceskou filharmoni\u00ed pod taktovkou Ji\u0159\u00edho B\u011blohl\u00e1vka. Pozd\u011bji vystoupila jako s\u00f3listka s dal\u0161\u00edmi p\u0159edn\u00edmi \u010desk\u00fdmi i zahrani\u010dn\u00edmi orchestry, nap\u0159\u00edklad Symfonick\u00fdm orchestrem \u010cesk\u00e9ho rozhlasu, Komorn\u00ed filharmoni\u00ed Pardubice, Filharmoni\u00ed Bohuslava Martin\u016f Zl\u00edn, Severo\u010deskou filharmoni\u00ed Teplice, Moravskou filharmoni\u00ed Olomouc,M\u00fcnchener Kammerorchester, Orquestra de C\u00e2marade Cascais e Oeiras Portugal, Orchestra Sinfonica Siciliana aj. Spolupracovala s mnoha dirigenty, mezi ne\u017e pat\u0159\u00ed Tom\u00e1\u0161 Brauner, Robert Kru\u017e\u00edk, Leo\u0161 Sv\u00e1rovsk\u00fd, Vojt\u011bch Spurn\u00fd, Jakub Klecker, Ji\u0159\u00ed Ro\u017ee\u0148, Chuhei Iwasaki, Ji\u0159\u00ed Habart, Debashish Chaudhuri, Sander Teepen, Jan Jakub Bokun, Nikolay Lalov, Nicolas Ellis, Wojciech Rajski, Antonino Cascio, Giancarlo De Lorenzo, Eliseo Castrignan\u00f2.<\/p>\n\n\n\n<p>Vedle sv\u00e9 s\u00f3listick\u00e9 dr\u00e1hy se v\u011bnuje tak\u00e9 komorn\u00ed h\u0159e a spolupracuje s \u0159adou vynikaj\u00edc\u00edch instrumentalist\u016f, jako jsou Charles Neidich, Ludmila Peterkov\u00e1, Ivo Kah\u00e1nek, Martin Kas\u00edk, V\u00e1clav Hude\u010dek, Jan Mr\u00e1\u010dek, Tom\u00e1\u0161 Jamn\u00edk, Jana Bou\u0161kov\u00e1 \u010di Lubom\u00edr Brabec.<\/p>\n\n\n\n<p>Zam\u011b\u0159uje se na skladby \u010desk\u00fdch skladatel\u016f 20. a 21. stolet\u00ed (Bohuslav Martin\u016f, Karel Husa, Viktor Kalabis, Josef P\u00e1len\u00ed\u010dek, Miloslav I\u0161tvan, Ji\u0159\u00ed Teml, Zden\u011bk \u0160est\u00e1k ad.) a spolupracuje tak\u00e9 se skladateli mlad\u00e9 generace. Zab\u00fdv\u00e1 se rovn\u011b\u017e interpretac\u00ed Mozartova klarinetov\u00e9ho koncertu v origin\u00e1ln\u00ed verzi na basetov\u00fd klarinet.<\/p>\n\n\n\n<p>V \u010dervnu 2023 vydala sv\u00e9 debutov\u00e9 album s hudbou Karla Husy a Bohuslava Martin\u016f u vydavatelstv\u00ed Supraphon, na kter\u00e9m spolu\u00fa\u010dinkuj\u00ed klav\u00edrista Ivo Kah\u00e1nek a dal\u0161\u00ed p\u0159edn\u00ed interpreti. V lednu 2025 vych\u00e1z\u00ed jej\u00ed dal\u0161\u00ed album Clarinet Metamorphoses, kter\u00e9 nato\u010dila se Symfonick\u00fdm orchestrem \u010cesk\u00e9ho rozhlasu a dirigentem Tom\u00e1\u0161em Braunerem.<\/p>\n\n\n\n<div class=\"wp-block-buttons is-layout-flex wp-block-buttons-is-layout-flex\">\n<div class=\"wp-block-button\"><a class=\"wp-block-button__link wp-element-button\" href=\"https:\/\/hcimf.cz\/index.php\/program\/\">ZP\u011aT<\/a><\/div>\n\n\n\n<div class=\"wp-block-button\"><a class=\"wp-block-button__link wp-element-button\" href=\"https:\/\/hcimf.cz\/index.php\/program-koncertu-karolina-cingrosova-anna-paulova-lukas-sommer\/\">PROGRAM<\/a><\/div>\n\n\n\n<div class=\"wp-block-button\"><a class=\"wp-block-button__link wp-element-button\" href=\"https:\/\/hcimf.cz\/index.php\/umelci\/\">UM\u011aLCI<\/a><\/div>\n<\/div>\n","protected":false},"excerpt":{"rendered":"<p>Anna Paulov\u00e1 pat\u0159\u00ed k nejv\u00fdrazn\u011bj\u0161\u00edm \u010desk\u00fdm klarinetist\u016fm mlad\u00e9 generace. V roce 2015 se stala laure\u00e1tkou Mezin\u00e1rodn\u00ed hudebn\u00ed sout\u011b\u017ee Pra\u017esk\u00e9 jaro, kde z\u00edskala 2. cenu a dal\u0161\u00ed zvl\u00e1\u0161tn\u00ed ocen\u011bn\u00ed \u2013 cenu Nadace Bohuslava Martin\u016f, cenu Nadace Gideona Kleina ad. Ji\u017e p\u0159edt\u00edm z\u00edskala ocen\u011bn\u00ed v mnoha v\u00fdznamn\u00fdch \u010desk\u00fdch i mezin\u00e1rodn\u00edch klarinetov\u00fdch sout\u011b\u017e\u00edch: Marco Fiorindo Tur\u00edn a Giacomo &hellip; <\/p>\n<p class=\"link-more\"><a href=\"https:\/\/hcimf.cz\/index.php\/anna-paulova\/\" class=\"more-link\">Pokra\u010dovat ve \u010dten\u00ed<span class=\"screen-reader-text\"> &#8222;Anna Paulov\u00e1&#8220;<\/span><\/a><\/p>\n","protected":false},"author":1,"featured_media":0,"parent":0,"menu_order":0,"comment_status":"closed","ping_status":"closed","template":"","meta":{"footnotes":""},"class_list":["post-392","page","type-page","status-publish","hentry"],"_links":{"self":[{"href":"https:\/\/hcimf.cz\/index.php\/wp-json\/wp\/v2\/pages\/392","targetHints":{"allow":["GET"]}}],"collection":[{"href":"https:\/\/hcimf.cz\/index.php\/wp-json\/wp\/v2\/pages"}],"about":[{"href":"https:\/\/hcimf.cz\/index.php\/wp-json\/wp\/v2\/types\/page"}],"author":[{"embeddable":true,"href":"https:\/\/hcimf.cz\/index.php\/wp-json\/wp\/v2\/users\/1"}],"replies":[{"embeddable":true,"href":"https:\/\/hcimf.cz\/index.php\/wp-json\/wp\/v2\/comments?post=392"}],"version-history":[{"count":4,"href":"https:\/\/hcimf.cz\/index.php\/wp-json\/wp\/v2\/pages\/392\/revisions"}],"predecessor-version":[{"id":462,"href":"https:\/\/hcimf.cz\/index.php\/wp-json\/wp\/v2\/pages\/392\/revisions\/462"}],"wp:attachment":[{"href":"https:\/\/hcimf.cz\/index.php\/wp-json\/wp\/v2\/media?parent=392"}],"curies":[{"name":"wp","href":"https:\/\/api.w.org\/{rel}","templated":true}]}}