{"id":394,"date":"2025-05-25T16:13:04","date_gmt":"2025-05-25T16:13:04","guid":{"rendered":"https:\/\/hcimf.cz\/?page_id=394"},"modified":"2025-05-25T18:13:53","modified_gmt":"2025-05-25T18:13:53","slug":"lukas-sommer","status":"publish","type":"page","link":"https:\/\/hcimf.cz\/index.php\/lukas-sommer\/","title":{"rendered":"Luk\u00e1\u0161 Sommer"},"content":{"rendered":"\n<p>Luk\u00e1\u0161 Sommer je jednou z p\u0159edn\u00edch osobnost\u00ed sou\u010dasn\u00e9 generace mlad\u00fdch skladatel\u016f. Od roku 1998 studoval na Konzervato\u0159i v \u010cesk\u00fdch Bud\u011bjovic\u00edch kytaru u prof. Vilmy Manov\u00e9 a skladbu u prof. Ji\u0159\u00edho Chur\u00e1\u010dka. V roce 2003 studoval jeden rok na Pra\u017esk\u00e9 konzervato\u0159i u profesora V\u011broslava Neumanna. V roce 2009 absolvoval Akademii m\u00fazick\u00fdch um\u011bn\u00ed, kde studoval skladbu u profesora Ivana Kurze.<\/p>\n\n\n\n<p>Je autorem v\u00edce ne\u017e pades\u00e1ti opus\u016f r\u016fzn\u00e9ho \u017e\u00e1nru. Krom\u011b orchestr\u00e1ln\u00ed hudby (nap\u0159. Kant\u00e1ta Trny v z\u00e1voji, Koncert pro harfu a orchestr, Monolit pro dechov\u00fd orchestr a bic\u00ed n\u00e1stroje, Koncert pro orchestr a dal\u0161\u00ed) se Sommer zam\u011b\u0159uje na komorn\u00ed hudbu (nap\u0159. Dva smy\u010dcov\u00e9 kvartety, Klav\u00edrn\u00ed trio \u201eXcape\u201c, Labyrint \u2013 Son\u00e1ta pro cembalo, Cik\u00e1na a Odyseu). Dal\u0161\u00ed lini\u00ed Sommerovy tvorby je vok\u00e1ln\u00ed hudba \u2013 \u010dasto vyu\u017e\u00edvaj\u00edc\u00ed texty sou\u010dasn\u00fdch b\u00e1sn\u00edk\u016f (nap\u0159. cyklus p\u00edsn\u00ed Headland, Floating Island, melodrama Nikdo m\u011b dlouho nepohladil, Song of the Gallows, ABC). Zvl\u00e1\u0161tn\u00ed m\u00edsto mezi jeho d\u00edly zauj\u00edm\u00e1 opera Ela, Hela a Stop, libreto hry V\u00e1clava Havla. Skl\u00e1d\u00e1 tak\u00e9 d\u00edla pro d\u011bti, konkr\u00e9tn\u011b d\u011btskou operu Herkules a muzik\u00e1l Sindibad. Jeho hudbu interpretovali Sir Nicolas Daniel, Carlo Jans, Jana Bou\u0161kov\u00e1, Vil\u00e9m Veverka, Pavel \u0160porcl, Jan Miku\u0161ek, Sebastien Bagnout, Jan Ku\u010dera, Sednunum Orchestra, Bremerhaven Orchestra, Symfonick\u00fd orchestr \u010cesk\u00e9ho rozhlasu, Pra\u017esk\u00fd filharmonick\u00fd sbor a ostatn\u00ed. Krom\u011b pravideln\u00e9ho vystupov\u00e1n\u00ed na dom\u00e1c\u00ed sc\u00e9n\u011b vystupoval se svou hudbou ve v\u00edce ne\u017e 15 zem\u00edch. V roce 2011 napsal na \u017e\u00e1dost festivalu Pra\u017esk\u00e9 jaro fl\u00e9tnov\u00fd koncert Dopis m\u00e9mu otci a stal se nejmlad\u0161\u00edm skladatelem v historii festivalu.<\/p>\n\n\n\n<p>Zcela samostatnou kapitolou Sommerovy hudby je jeho unik\u00e1tn\u00ed autorsk\u00fd kytarov\u00fd recit\u00e1l \u010d\u00edtaj\u00edc\u00ed kolem 20 opus\u016f. Ka\u017ed\u00fd soubor vznik\u00e1 jako \u010dasosb\u011brn\u00fd dokument; ka\u017ed\u00e1 skladba m\u00e1 sv\u016fj specifick\u00fd p\u0159\u00edb\u011bh p\u016fvodu, kter\u00fd je \u010dasto spojov\u00e1n s r\u016fzn\u00fdmi \u010desk\u00fdmi n\u00e1stroji. V roce 2015 vydalo presti\u017en\u00ed vydavatelstv\u00ed William recording jeho aktu\u00e1ln\u00ed CD Savana, kter\u00e9 shrnuje jeho p\u0159edchoz\u00ed kompozi\u010dn\u00ed styl. Pozoruhodn\u00e9 jsou skladbyThe 5 Preludi\u00ed, Suita ve star\u00e9m stylo, Calm, Legenda o Viktorce nebo Druh\u00fd dopis otci. Vydal tak\u00e9 u\u010debnici Chci b\u00fdt kytaristou, kter\u00e1 se v roce 2016 stala sou\u010d\u00e1st\u00ed osnov M\u0160MT. V roce 2016 zalo\u017eil hudebn\u00ed duo Tapa de Deux s hr\u00e1\u010dkou na djembe a darbuku Kate\u0159inou Ferlesovou.<\/p>\n\n\n\n<p>Sommer je tak\u00e9 vyhled\u00e1van\u00fdm aran\u017e\u00e9rem popul\u00e1rn\u00ed a filmov\u00e9 hudby. Mezi jeho celove\u010dern\u00ed projekty pat\u0159\u00ed City Er od Michala Prokopa, Symphonicum Tour od Ond\u0159eje Brzobohat\u00e9ho, Hapka Lives!, Sanremo Junior Song Contest, Wanted Dagmar Peckov\u00e1, Tamarisk od Anny K, Stars at Karlin \u2013 Lucie, Chinaski a Dan McCaffearty. Jako aran\u017e\u00e9r se pod\u00edlel na filmov\u00fdch soundtrackech Ond\u0159eje Soukupa, Michaela Koc\u00e1ba, Oh Yoon Suna a Johnnyho Mayera. Pracuje pro presti\u017en\u00ed \u010desk\u00e9 i mezin\u00e1rodn\u00ed agentury (TRIART, Naver, Czech Symphony Orchestra a Chicago Company).<\/p>\n\n\n\n<div class=\"wp-block-buttons is-layout-flex wp-block-buttons-is-layout-flex\">\n<div class=\"wp-block-button\"><a class=\"wp-block-button__link wp-element-button\" href=\"https:\/\/hcimf.cz\/index.php\/program\/\">ZP\u011aT<\/a><\/div>\n\n\n\n<div class=\"wp-block-button\"><a class=\"wp-block-button__link wp-element-button\" href=\"https:\/\/hcimf.cz\/index.php\/program-koncertu-karolina-cingrosova-anna-paulova-lukas-sommer\/\">PROGRAM<\/a><\/div>\n\n\n\n<div class=\"wp-block-button\"><a class=\"wp-block-button__link wp-element-button\" href=\"https:\/\/hcimf.cz\/index.php\/umelci\/\">UM\u011aLCI<\/a><\/div>\n<\/div>\n","protected":false},"excerpt":{"rendered":"<p>Luk\u00e1\u0161 Sommer je jednou z p\u0159edn\u00edch osobnost\u00ed sou\u010dasn\u00e9 generace mlad\u00fdch skladatel\u016f. Od roku 1998 studoval na Konzervato\u0159i v \u010cesk\u00fdch Bud\u011bjovic\u00edch kytaru u prof. Vilmy Manov\u00e9 a skladbu u prof. Ji\u0159\u00edho Chur\u00e1\u010dka. V roce 2003 studoval jeden rok na Pra\u017esk\u00e9 konzervato\u0159i u profesora V\u011broslava Neumanna. V roce 2009 absolvoval Akademii m\u00fazick\u00fdch um\u011bn\u00ed, kde studoval skladbu u &hellip; <\/p>\n<p class=\"link-more\"><a href=\"https:\/\/hcimf.cz\/index.php\/lukas-sommer\/\" class=\"more-link\">Pokra\u010dovat ve \u010dten\u00ed<span class=\"screen-reader-text\"> &#8222;Luk\u00e1\u0161 Sommer&#8220;<\/span><\/a><\/p>\n","protected":false},"author":1,"featured_media":0,"parent":0,"menu_order":0,"comment_status":"closed","ping_status":"closed","template":"","meta":{"footnotes":""},"class_list":["post-394","page","type-page","status-publish","hentry"],"_links":{"self":[{"href":"https:\/\/hcimf.cz\/index.php\/wp-json\/wp\/v2\/pages\/394","targetHints":{"allow":["GET"]}}],"collection":[{"href":"https:\/\/hcimf.cz\/index.php\/wp-json\/wp\/v2\/pages"}],"about":[{"href":"https:\/\/hcimf.cz\/index.php\/wp-json\/wp\/v2\/types\/page"}],"author":[{"embeddable":true,"href":"https:\/\/hcimf.cz\/index.php\/wp-json\/wp\/v2\/users\/1"}],"replies":[{"embeddable":true,"href":"https:\/\/hcimf.cz\/index.php\/wp-json\/wp\/v2\/comments?post=394"}],"version-history":[{"count":5,"href":"https:\/\/hcimf.cz\/index.php\/wp-json\/wp\/v2\/pages\/394\/revisions"}],"predecessor-version":[{"id":463,"href":"https:\/\/hcimf.cz\/index.php\/wp-json\/wp\/v2\/pages\/394\/revisions\/463"}],"wp:attachment":[{"href":"https:\/\/hcimf.cz\/index.php\/wp-json\/wp\/v2\/media?parent=394"}],"curies":[{"name":"wp","href":"https:\/\/api.w.org\/{rel}","templated":true}]}}