{"id":396,"date":"2025-05-25T16:13:17","date_gmt":"2025-05-25T16:13:17","guid":{"rendered":"https:\/\/hcimf.cz\/?page_id=396"},"modified":"2025-05-25T18:34:15","modified_gmt":"2025-05-25T18:34:15","slug":"katerina-malkova","status":"publish","type":"page","link":"https:\/\/hcimf.cz\/index.php\/katerina-malkova\/","title":{"rendered":"Kate\u0159ina M\u00e1lkov\u00e1"},"content":{"rendered":"\n<p>Kate\u0159ina M\u00e1lkov\u00e1 se narodila ve Znojm\u011b. Sv\u00e9 prvn\u00ed hudebn\u00ed vzd\u011bl\u00e1n\u00ed z\u00edskala na z\u00e1kladn\u00ed um\u011bleck\u00e9 \u0161kole v Hru\u0161ovanech nad Jevi\u0161ovkou. V roce 1998 nastoupila na konzervato\u0159 v Brn\u011b do t\u0159\u00eddy prof. Petra Kola\u0159e, kde v roce 2004 ukon\u010dila studium z\u00e1v\u011bre\u010dn\u00fdm koncertem v Besedn\u00edm dom\u011b. V tomto roce byla p\u0159ijata na Akademii m\u00fazick\u00fdch um\u011bn\u00ed v Praze do t\u0159\u00eddy Doc. Jaroslava T\u016fmy. U n\u011bj \u00fasp\u011b\u0161n\u011b absolvovala bakal\u00e1\u0159sk\u00fdm koncertem a v n\u00e1sleduj\u00edc\u00edm roce 2008 odjela na ro\u010dn\u00ed zahrani\u010dn\u00ed st\u00e1\u017e do N\u011bmecka na Musikhochschule v L\u00fcbecku, kde studovala u Prof. Arvida Gasta. Zde vystoupila na n\u011bkolika koncertech nap\u0159. v St. Jakobikirche, v D\u00f3mu atd. V roce 2010 ukon\u010dila studium magistersk\u00fdm koncertem na HAMU v r\u00e1mci cyklu koncert\u016f &#8222;Ti nejlep\u0161\u00ed&#8220; se Severo\u010deskou filharmoni\u00ed Teplice varhann\u00edm koncertem F. Poulenca. V r\u00e1mci \u0161koly \u00fa\u010dinkovala nap\u0159. na Minifestivalu Kabel\u00e1\u010de a Messiaena, na koncertech soudob\u00e9 hudby katedry skladby atd. B\u011bhem studi\u00ed se z\u00fa\u010dastnila \u0159ady mistrovsk\u00fdch kurz\u016f v\u00fdznamn\u00fdch varhann\u00edch osobnost\u00ed, jako jsou nap\u0159. Marie Claire Alain, Luigi Ferdinando Tagliavini, Andreas Schr\u00f6der, Jon Laukvik, Martin Sander, Martin Schmeding, Slawomir Kaminski, Matthias Maierhoffer, Pier Damiano Perettia Gustav Leonhardt.<br>V sou\u010dasn\u00e9 dob\u011b se v\u011bnuje s\u00f3lov\u00e9 h\u0159e, vystoupila na festivalech, nap\u0159. na Mezin\u00e1rodn\u00edm hudebn\u00edm festivalu Eduarda N\u00e1pravn\u00edka, Brn\u011bnsk\u00e9m varhann\u00edm festivalu, Podblanick\u00e9m podzimu, \u0160t\u011btsk\u00e9m varhann\u00edm podzimu, Sukov\u011b hudebn\u00edm \u0160ti\u0159\u00edn\u011b, Kl\u00e1\u0161tery \u010cesk\u00fd Krumlov aj. Na Slovensku hr\u00e1la u p\u0159\u00edle\u017eitosti evropsk\u00e9ho varhann\u00edho festivalu v Kremnici. Kate\u0159ina M\u00e1lkov\u00e1 koncertovala v N\u011bmecku, Rakousku, \u0160v\u00fdcarsku, Loty\u0161sku a Litv\u011b. Spolupracuje s r\u016fzn\u00fdmi \u010desk\u00fdmi orchestry v\u010detn\u011b \u010cNSO \u010cesk\u00fd n\u00e1rodn\u00ed symfonick\u00fd orchestr, Severo\u010desk\u00e1 filharmonie, orchestr Atlantis, Collegium magistrorum Mikulov, nebo Filharmonie Bohuslava Martin\u016f. Velmi aktivn\u011b se zab\u00fdv\u00e1 vzd\u011bl\u00e1v\u00e1n\u00edm d\u011bt\u00ed v oblasti hudby, u\u010d\u00ed hru na klav\u00edr a varhany. S houslistkou Alexeyem Aslamasem vypracovala hudebn\u00ed p\u0159edn\u00e1\u0161ky pro Z\u0160 a ZU\u0160, v\u011bnuj\u00edc\u00ed se klasick\u00e9 hudb\u011b a modern\u00ed sou\u010dasn\u00e9 hudb\u011b. V\u017edy tou\u017e\u00ed propagovat varhann\u00ed hudbu, proto uspo\u0159\u00e1dala v l\u00e9t\u011b 2016 a 2017 s\u00e9rii koncert\u016f v z\u00e1meck\u00e9 kapli v Lednici na Morav\u011b a od roku 2016 pravideln\u011b organizuje adventn\u00ed a t\u0159\u00edkr\u00e1lov\u00e9 koncerty s p\u011bveck\u00fdm sborem a orchestrem na ji\u017en\u00ed Morav\u011b. V roce 2020 vystoupila jako s\u00f3listka se Sedunum String Orchestra na koncertech ve \u0160v\u00fdcarsku. Je zakladatelkou nov\u011b vznikl\u00e9ho mezin\u00e1rodn\u00ed hudebn\u00edho festivalu \u201eSilberbauerovo hudebn\u00ed Podyj\u00ed\u201c na ji\u017en\u00ed Morav\u011b a Doln\u00edm Rakousku.<\/p>\n\n\n\n<div class=\"wp-block-buttons is-layout-flex wp-block-buttons-is-layout-flex\">\n<div class=\"wp-block-button\"><a class=\"wp-block-button__link wp-element-button\" href=\"https:\/\/hcimf.cz\/index.php\/program\/\">ZP\u011aT<\/a><\/div>\n\n\n\n<div class=\"wp-block-button\"><a class=\"wp-block-button__link wp-element-button\" href=\"https:\/\/hcimf.cz\/index.php\/program-koncertu-katerina-malkova-josef-kovacic\/\">PROGRAM<\/a><\/div>\n\n\n\n<div class=\"wp-block-button\"><a class=\"wp-block-button__link wp-element-button\" href=\"https:\/\/hcimf.cz\/index.php\/umelci\/\">UM\u011aLCI<\/a><\/div>\n<\/div>\n","protected":false},"excerpt":{"rendered":"<p>Kate\u0159ina M\u00e1lkov\u00e1 se narodila ve Znojm\u011b. Sv\u00e9 prvn\u00ed hudebn\u00ed vzd\u011bl\u00e1n\u00ed z\u00edskala na z\u00e1kladn\u00ed um\u011bleck\u00e9 \u0161kole v Hru\u0161ovanech nad Jevi\u0161ovkou. V roce 1998 nastoupila na konzervato\u0159 v Brn\u011b do t\u0159\u00eddy prof. Petra Kola\u0159e, kde v roce 2004 ukon\u010dila studium z\u00e1v\u011bre\u010dn\u00fdm koncertem v Besedn\u00edm dom\u011b. V tomto roce byla p\u0159ijata na Akademii m\u00fazick\u00fdch um\u011bn\u00ed v Praze do &hellip; <\/p>\n<p class=\"link-more\"><a href=\"https:\/\/hcimf.cz\/index.php\/katerina-malkova\/\" class=\"more-link\">Pokra\u010dovat ve \u010dten\u00ed<span class=\"screen-reader-text\"> &#8222;Kate\u0159ina M\u00e1lkov\u00e1&#8220;<\/span><\/a><\/p>\n","protected":false},"author":1,"featured_media":0,"parent":0,"menu_order":0,"comment_status":"closed","ping_status":"closed","template":"","meta":{"footnotes":""},"class_list":["post-396","page","type-page","status-publish","hentry"],"_links":{"self":[{"href":"https:\/\/hcimf.cz\/index.php\/wp-json\/wp\/v2\/pages\/396","targetHints":{"allow":["GET"]}}],"collection":[{"href":"https:\/\/hcimf.cz\/index.php\/wp-json\/wp\/v2\/pages"}],"about":[{"href":"https:\/\/hcimf.cz\/index.php\/wp-json\/wp\/v2\/types\/page"}],"author":[{"embeddable":true,"href":"https:\/\/hcimf.cz\/index.php\/wp-json\/wp\/v2\/users\/1"}],"replies":[{"embeddable":true,"href":"https:\/\/hcimf.cz\/index.php\/wp-json\/wp\/v2\/comments?post=396"}],"version-history":[{"count":4,"href":"https:\/\/hcimf.cz\/index.php\/wp-json\/wp\/v2\/pages\/396\/revisions"}],"predecessor-version":[{"id":475,"href":"https:\/\/hcimf.cz\/index.php\/wp-json\/wp\/v2\/pages\/396\/revisions\/475"}],"wp:attachment":[{"href":"https:\/\/hcimf.cz\/index.php\/wp-json\/wp\/v2\/media?parent=396"}],"curies":[{"name":"wp","href":"https:\/\/api.w.org\/{rel}","templated":true}]}}