{"id":398,"date":"2025-05-25T16:13:29","date_gmt":"2025-05-25T16:13:29","guid":{"rendered":"https:\/\/hcimf.cz\/?page_id=398"},"modified":"2025-05-25T18:34:40","modified_gmt":"2025-05-25T18:34:40","slug":"josef-kovacic","status":"publish","type":"page","link":"https:\/\/hcimf.cz\/index.php\/josef-kovacic\/","title":{"rendered":"Josef Kova\u010di\u010d"},"content":{"rendered":"\n<p>Absolvent Hudebn\u00ed akademie m\u00fazick\u00fdch um\u011bn\u00ed v Praze pod odborn\u00fdm veden\u00edm Martina B\u00e1rty a Pra\u017esk\u00e9 konzervato\u0159e ze t\u0159\u00eddy Ji\u0159\u00edho Kub\u00edka. V roce 2015 debutoval na profesion\u00e1ln\u00ed opern\u00ed sc\u00e9n\u011b v roli Hermanna (J. Offenbach, Hoffmannovy pov\u00eddky) na presti\u017en\u00edm hudebn\u00edm festivalu v rakousk\u00e9m Bregenz. V t\u00e9m\u017ee roce pak za\u010dal navazovat spolupr\u00e1ci s \u010desk\u00fdmi opern\u00edmi domy. Pravideln\u011b hostuje na sc\u00e9n\u011b Divadla J. K. Tyla v Plzni, kde ji\u017e ztv\u00e1rnil nap\u0159. role Kajet\u00e1na (Z. Fibich, Nev\u011bsta messinsk\u00e1), Senecy (C. Monteverdi, Korunovace Poppey), Kecala (B. Smetana, Prodan\u00e1 nev\u011bsta) nebo Apo\u0161tola Petra (S. Bodorov\u00e1, Quo Vadis). Ve Slezsk\u00e9m divadle v Opav\u011b se publiku p\u0159edstavil v rol\u00edch Eremita (C. M. von Weber, \u010carost\u0159elec), nebo Pistoly (G. Verdi, Falstaff), v Severo\u010desk\u00e9m divadle v roli Sarastra (W. A. Mozart, Kouzeln\u00e1 fl\u00e9tna), v Jiho\u010desk\u00e9m divadle pak nap\u0159. v rol\u00edch \u017dal\u00e1\u0159n\u00edka Bene\u0161e (B. Smetana, Dalibor), nebo Kn\u00ed\u017eete Gremina (P. I. \u010cajkovsk\u00fd, Ev\u017een On\u011bgin). Dv\u011b sez\u00f3ny byl t\u00e9\u017e st\u00e1l\u00fdm \u010dlenem ans\u00e1mblu opery libereck\u00e9ho Divadla F. X. \u0160aldy, kde ztv\u00e1rnil nap\u0159. role Far\u00e1\u0159e a Jezevce (L. Jan\u00e1\u010dek, P\u0159\u00edhody li\u0161ky Bystrou\u0161ky), Masetta (W. A. Mozart, Don Giovanni) nebo Lodovica (G. Verdi, Otello). Od roku 2020 pak hostuje t\u00e9\u017e na sc\u00e9n\u011b N\u00e1rodn\u00edho divadla Moravskoslezsk\u00e9ho v Ostrav\u011b jako Matou\u0161 (B. Smetana, Hubi\u010dka), nebo b\u016fh podsv\u011bt\u00ed Pluto (C. Monteverdi, Il ballo delle ingrate). V roce 2022 vystoupil na mezin\u00e1rodn\u00edm opern\u00edm festivalu v irsk\u00e9m Wexfordu, v \u00fasp\u011b\u0161n\u00e9 produkci Dvo\u0159\u00e1kovy Armidy ztv\u00e1rnil postavu ryt\u00ed\u0159e Ubalda.<\/p>\n\n\n\n<p>Krom\u011b divadla se v\u011bnuje tak\u00e9 koncertn\u00ed \u010dinnosti a spolupracuje s renomovan\u00fdmi hudebn\u00edmi t\u011blesy jako jsou nap\u0159. Collegium 1704, Moravsk\u00e1 filharmonie Olomouc, Musica Florea, Pardubick\u00e1 komorn\u00ed filharmonie, nebo orchestr NeoKlasik. V programech duchovn\u00ed hudby pravideln\u011b vystupuje s koncertn\u00ed varhanic\u00ed Kate\u0159inou M\u00e1lkovou.<\/p>\n\n\n\n<div class=\"wp-block-buttons is-layout-flex wp-block-buttons-is-layout-flex\">\n<div class=\"wp-block-button\"><a class=\"wp-block-button__link wp-element-button\" href=\"https:\/\/hcimf.cz\/index.php\/program\/\">ZP\u011aT<\/a><\/div>\n\n\n\n<div class=\"wp-block-button\"><a class=\"wp-block-button__link wp-element-button\" href=\"https:\/\/hcimf.cz\/index.php\/program-koncertu-katerina-malkova-josef-kovacic\/\">PROGRAM<\/a><\/div>\n\n\n\n<div class=\"wp-block-button\"><a class=\"wp-block-button__link wp-element-button\" href=\"https:\/\/hcimf.cz\/index.php\/umelci\/\">UM\u011aLCI<\/a><\/div>\n<\/div>\n\n\n\n<p><\/p>\n","protected":false},"excerpt":{"rendered":"<p>Absolvent Hudebn\u00ed akademie m\u00fazick\u00fdch um\u011bn\u00ed v Praze pod odborn\u00fdm veden\u00edm Martina B\u00e1rty a Pra\u017esk\u00e9 konzervato\u0159e ze t\u0159\u00eddy Ji\u0159\u00edho Kub\u00edka. V roce 2015 debutoval na profesion\u00e1ln\u00ed opern\u00ed sc\u00e9n\u011b v roli Hermanna (J. Offenbach, Hoffmannovy pov\u00eddky) na presti\u017en\u00edm hudebn\u00edm festivalu v rakousk\u00e9m Bregenz. V t\u00e9m\u017ee roce pak za\u010dal navazovat spolupr\u00e1ci s \u010desk\u00fdmi opern\u00edmi domy. Pravideln\u011b hostuje na &hellip; <\/p>\n<p class=\"link-more\"><a href=\"https:\/\/hcimf.cz\/index.php\/josef-kovacic\/\" class=\"more-link\">Pokra\u010dovat ve \u010dten\u00ed<span class=\"screen-reader-text\"> &#8222;Josef Kova\u010di\u010d&#8220;<\/span><\/a><\/p>\n","protected":false},"author":1,"featured_media":0,"parent":0,"menu_order":0,"comment_status":"closed","ping_status":"closed","template":"","meta":{"footnotes":""},"class_list":["post-398","page","type-page","status-publish","hentry"],"_links":{"self":[{"href":"https:\/\/hcimf.cz\/index.php\/wp-json\/wp\/v2\/pages\/398","targetHints":{"allow":["GET"]}}],"collection":[{"href":"https:\/\/hcimf.cz\/index.php\/wp-json\/wp\/v2\/pages"}],"about":[{"href":"https:\/\/hcimf.cz\/index.php\/wp-json\/wp\/v2\/types\/page"}],"author":[{"embeddable":true,"href":"https:\/\/hcimf.cz\/index.php\/wp-json\/wp\/v2\/users\/1"}],"replies":[{"embeddable":true,"href":"https:\/\/hcimf.cz\/index.php\/wp-json\/wp\/v2\/comments?post=398"}],"version-history":[{"count":5,"href":"https:\/\/hcimf.cz\/index.php\/wp-json\/wp\/v2\/pages\/398\/revisions"}],"predecessor-version":[{"id":476,"href":"https:\/\/hcimf.cz\/index.php\/wp-json\/wp\/v2\/pages\/398\/revisions\/476"}],"wp:attachment":[{"href":"https:\/\/hcimf.cz\/index.php\/wp-json\/wp\/v2\/media?parent=398"}],"curies":[{"name":"wp","href":"https:\/\/api.w.org\/{rel}","templated":true}]}}