{"id":412,"date":"2025-05-25T16:22:07","date_gmt":"2025-05-25T16:22:07","guid":{"rendered":"https:\/\/hcimf.cz\/?page_id=412"},"modified":"2025-09-24T22:19:59","modified_gmt":"2025-09-24T22:19:59","slug":"program-koncertu-karolina-cingrosova-anna-paulova-lukas-sommer","status":"publish","type":"page","link":"https:\/\/hcimf.cz\/index.php\/program-koncertu-karolina-cingrosova-anna-paulova-lukas-sommer\/","title":{"rendered":"Program koncertu Karol\u00edna Cingro\u0161ov\u00e1, Anna Paulov\u00e1, Luk\u00e1\u0161 Sommer"},"content":{"rendered":"\n<p><\/p>\n\n\n\n<p><strong>Milevsko \u2013 27. z\u00e1\u0159\u00ed 2025<\/strong><\/p>\n\n\n\n<p>\ud83c\udfb6 <strong>Karol\u00edna Cingro\u0161ov\u00e1<\/strong> \u2013 sopr\u00e1n<br>\ud83c\udfb6 <strong>Anna Paulov\u00e1<\/strong> \u2013 klarinet<br>\ud83c\udfb6 <strong>Luk\u00e1\u0161 Sommer<\/strong> \u2013 kytara<\/p>\n\n\n\n<hr class=\"wp-block-separator has-alpha-channel-opacity\"\/>\n\n\n\n<p>\ud83c\uddea\ud83c\uddf8 <strong>Isaac Alb\u00e9niz (1860\u20131909)<\/strong><br><em>Asturias<\/em><\/p>\n\n\n\n<p>\ud83c\uddea\ud83c\uddf8 <strong>Manuel de Falla (1876\u20131946)<\/strong><br><em>Siete canciones populares Espa\u00f1olas<\/em> (v\u00fdb\u011br)<\/p>\n\n\n\n<ul class=\"wp-block-list odraz40\">\n<li>El pa\u00f1o moruno<\/li>\n\n\n\n<li>Asturiana<\/li>\n\n\n\n<li>Jota<\/li>\n<\/ul>\n\n\n\n<p>\ud83c\udde8\ud83c\uddff *<em>Luk\u00e1\u0161 Sommer (1984)<\/em><br><em>M\u00e1jov\u00e1 svita<\/em><\/p>\n\n\n\n<p>\ud83c\udde8\ud83c\uddff *<em>Luk\u00e1\u0161 Sommer (1984)<\/em><br><em>\u0160pan\u011blsk\u00e9 pop\u011bvky<\/em><\/p>\n\n\n\n<p>\ud83c\uddee\ud83c\uddf9 <strong>Gaetano Donizetti (1797\u20131848)<\/strong><br><em>Studio primo<\/em><\/p>\n\n\n\n<p>\ud83c\udde8\ud83c\uddff *<em>Luk\u00e1\u0161 Sommer (1984)<\/em><br><em>P\u00edse\u0148 pro and\u011bla<\/em><br><em>Vzpom\u00ednka<\/em><\/p>\n\n\n\n<p>\ud83c\uddea\ud83c\uddf8 <strong>Ruperto Chap\u00ed (1851\u20131909)<\/strong><br><em>Las hijas del Zebedeo \u2013 Carceleras<\/em><\/p>\n\n\n\n<p>\ud83c\uddee\ud83c\uddf9 <strong>Ennio Morricone (1928\u20132020)<\/strong><br>Hudba z film\u016f \u2013 v\u00fdb\u011br<\/p>\n\n\n\n<p>\ud83c\uddea\ud83c\uddf8 <strong>William G\u00f3mez (1939\u20132000)<\/strong><br><em>Ave Maria<\/em><\/p>\n\n\n\n<p>\ud83c\udde6\ud83c\uddf7 <strong>Astor Piazzolla (1921\u20131992)<\/strong><br><em>Ave Maria<\/em><\/p>\n\n\n\n<p>\ud83c\udde6\ud83c\uddf9 <strong>Franz Schubert (1797\u20131828)<\/strong><br><em>Ave Maria<\/em><\/p>\n\n\n\n<div class=\"wp-block-buttons is-layout-flex wp-block-buttons-is-layout-flex\">\n<div class=\"wp-block-button\"><a class=\"wp-block-button__link wp-element-button\" href=\"https:\/\/hcimf.cz\/index.php\/program\/\">PROGRAM FESTIVALU<\/a><\/div>\n<\/div>\n\n\n\n<p><\/p>\n","protected":false},"excerpt":{"rendered":"<p>Milevsko \u2013 27. z\u00e1\u0159\u00ed 2025 \ud83c\udfb6 Karol\u00edna Cingro\u0161ov\u00e1 \u2013 sopr\u00e1n\ud83c\udfb6 Anna Paulov\u00e1 \u2013 klarinet\ud83c\udfb6 Luk\u00e1\u0161 Sommer \u2013 kytara \ud83c\uddea\ud83c\uddf8 Isaac Alb\u00e9niz (1860\u20131909)Asturias \ud83c\uddea\ud83c\uddf8 Manuel de Falla (1876\u20131946)Siete canciones populares Espa\u00f1olas (v\u00fdb\u011br) \ud83c\udde8\ud83c\uddff *Luk\u00e1\u0161 Sommer (1984)M\u00e1jov\u00e1 svita \ud83c\udde8\ud83c\uddff *Luk\u00e1\u0161 Sommer (1984)\u0160pan\u011blsk\u00e9 pop\u011bvky \ud83c\uddee\ud83c\uddf9 Gaetano Donizetti (1797\u20131848)Studio primo \ud83c\udde8\ud83c\uddff *Luk\u00e1\u0161 Sommer (1984)P\u00edse\u0148 pro and\u011blaVzpom\u00ednka \ud83c\uddea\ud83c\uddf8 Ruperto Chap\u00ed &hellip; <\/p>\n<p class=\"link-more\"><a href=\"https:\/\/hcimf.cz\/index.php\/program-koncertu-karolina-cingrosova-anna-paulova-lukas-sommer\/\" class=\"more-link\">Pokra\u010dovat ve \u010dten\u00ed<span class=\"screen-reader-text\"> &#8222;Program koncertu Karol\u00edna Cingro\u0161ov\u00e1, Anna Paulov\u00e1, Luk\u00e1\u0161 Sommer&#8220;<\/span><\/a><\/p>\n","protected":false},"author":1,"featured_media":0,"parent":0,"menu_order":0,"comment_status":"closed","ping_status":"closed","template":"","meta":{"footnotes":""},"class_list":["post-412","page","type-page","status-publish","hentry"],"_links":{"self":[{"href":"https:\/\/hcimf.cz\/index.php\/wp-json\/wp\/v2\/pages\/412","targetHints":{"allow":["GET"]}}],"collection":[{"href":"https:\/\/hcimf.cz\/index.php\/wp-json\/wp\/v2\/pages"}],"about":[{"href":"https:\/\/hcimf.cz\/index.php\/wp-json\/wp\/v2\/types\/page"}],"author":[{"embeddable":true,"href":"https:\/\/hcimf.cz\/index.php\/wp-json\/wp\/v2\/users\/1"}],"replies":[{"embeddable":true,"href":"https:\/\/hcimf.cz\/index.php\/wp-json\/wp\/v2\/comments?post=412"}],"version-history":[{"count":6,"href":"https:\/\/hcimf.cz\/index.php\/wp-json\/wp\/v2\/pages\/412\/revisions"}],"predecessor-version":[{"id":565,"href":"https:\/\/hcimf.cz\/index.php\/wp-json\/wp\/v2\/pages\/412\/revisions\/565"}],"wp:attachment":[{"href":"https:\/\/hcimf.cz\/index.php\/wp-json\/wp\/v2\/media?parent=412"}],"curies":[{"name":"wp","href":"https:\/\/api.w.org\/{rel}","templated":true}]}}